{"id":638,"date":"2025-05-26T16:49:01","date_gmt":"2025-05-26T19:49:01","guid":{"rendered":"https:\/\/www.cca.ufpb.br\/bscca2\/?page_id=638"},"modified":"2025-05-27T15:06:05","modified_gmt":"2025-05-27T18:06:05","slug":"pesq-memoria-do-jornalismo-areiense-a-informacao-como-elemento-da-preservacao-historica-e-cultural-cidade","status":"publish","type":"page","link":"https:\/\/www.cca.ufpb.br\/bscca\/pesq-memoria-do-jornalismo-areiense-a-informacao-como-elemento-da-preservacao-historica-e-cultural-cidade\/","title":{"rendered":"Pesq. Mem\u00f3ria do jornalismo areiense: a informa\u00e7\u00e3o como elemento da preserva\u00e7\u00e3o hist\u00f3rica e cultural cidade"},"content":{"rendered":"\n<p class=\"has-text-align-center has-cyan-bluish-gray-background-color has-background has-medium-font-size\"><strong>ANO 2023-2024 PIBIC-CNPQ-UFPB (01\/09\/2023 a 31\/08\/2024)<\/strong><\/p>\n\n\n\n<p><strong>Orientador: bibliotec\u00e1rio Edilson Targino de Melo Filho<\/strong><\/p>\n\n\n\n<p><strong>RESUMO: <\/strong>O projeto se localiza na \u00e1rea das Ci\u00eancias Sociais Aplicadas, no escopo da Ci\u00eancia da Informa\u00e7\u00e3o, na sub\u00e1rea da Biblioteconomia, isto porque a teia do conhecimento que perpassa as atividades do projeto est\u00e1 relacionada com a informa\u00e7\u00e3o, mem\u00f3ria e organiza\u00e7\u00e3o do conhecimento. O contexto parte da ideia de que a constru\u00e7\u00e3o de identidade e mem\u00f3ria, a partir dos registros em jornais, como uma permanente negocia\u00e7\u00e3o entre indiv\u00edduo e sociedade, \u00e9 imprescind\u00edvel para conhecermos e tomarmos posse de nossa hist\u00f3ria. A cidade \u00e9 naturalmente o lugar do encontro, \u00e9 nela que as pessoas desenvolvem suas atividades e se conhecem. Esse projeto objetiva desenvolver a\u00e7\u00f5es integradas de pesquisa e extens\u00e3o para preserva\u00e7\u00e3o e conserva\u00e7\u00e3o do acervo de jornais impressos da cidade de Areia\/PB, na inten\u00e7\u00e3o de identificar quem eram as pessoas letradas, suas profiss\u00f5es e as redes de sociabilidade entre eles e os espa\u00e7os p\u00fablicos que ocupavam na cidade. As atividades ser\u00e3o desenvolvidas a partir de um estudo documental realizado no acervo de bibliotecas, museus e centros de pesquisa com a finalidade de produzir um cat\u00e1logo documental com as informa\u00e7\u00f5es publicadas nesses jornais. Assim, ser\u00e1 poss\u00edvel aprender as transforma\u00e7\u00f5es e perman\u00eancias existentes na forma urbana de Areia a partir das publica\u00e7\u00f5es jornal\u00edsticas. Espera-se que contribua para o desenvolvimento da compet\u00eancia cr\u00edtica em informa\u00e7\u00e3o quanto ao uso de fontes de informa\u00e7\u00e3o confi\u00e1veis, assim como disponibilizar os jornais impressos de Areia constante dos acervos mapeados. O conceito de mem\u00f3ria e o modo como ela se articula ao sentimento de pertencimento e representa\u00e7\u00e3o social vem sendo amplamente discutido. Para Halbwachs (1990), o sujeito carrega em si a lembran\u00e7a, mas ele est\u00e1 sempre interagindo com a sociedade, seus grupos e institui\u00e7\u00f5es, portanto, sua mem\u00f3ria apesar de individual possui marcas indel\u00e9veis da coletividade, pois \u00e9 no contexto destas rela\u00e7\u00f5es que constru\u00edmos nossas recorda\u00e7\u00f5es e raramente exercitamos a rememora\u00e7\u00e3o ou a tessitura das lembran\u00e7as fora deste quadro de refer\u00eancias. As mem\u00f3rias individual e coletiva t\u00eam nos lugares uma refer\u00eancia importante para a sua constitui\u00e7\u00e3o, mesmo que n\u00e3o sejam condi\u00e7\u00f5es para a sua preserva\u00e7\u00e3o. As mem\u00f3rias dos grupos se referem, tamb\u00e9m, nos espa\u00e7os em que habitam e nas rela\u00e7\u00f5es que constroem com estes espa\u00e7os, assim, os lugares s\u00e3o importante refer\u00eancia na mem\u00f3ria dos indiv\u00edduos, j\u00e1 que as mudan\u00e7as ocorridas nesses lugares acarretam mudan\u00e7as importantes na vida e na mem\u00f3ria dos grupos. Partindo das no\u00e7\u00f5es de mem\u00f3ria coletiva, patrim\u00f4nio cultural e hist\u00f3ria, compreende- se a necessidade de se colocar em evid\u00eancia a import\u00e2ncia da preserva\u00e7\u00e3o do patrim\u00f4nio, buscando dar acesso \u00e0 informa\u00e7\u00e3o a partir de um mapeamento de jornais impressos, jornalistas, \u00e1reas de interesse, forma\u00e7\u00e3o e redes de sociabilidade. Por fim, consideramos que para preservar a mem\u00f3ria coletiva de um local e cont\u00e1-la exige a capta\u00e7\u00e3o, a conserva\u00e7\u00e3o, a edifica\u00e7\u00e3o e partilha de seu conhecimento, de modo que a biblioteca atue como espa\u00e7o de mem\u00f3ria, de guarda de patrim\u00f4nio p\u00fablico, mas que cumpra al\u00e9m dessas primeiras premissas, comprometendo-se em ser espa\u00e7o de circula\u00e7\u00e3o e resgate dessa mem\u00f3ria coletiva t\u00e3o importante para a forma\u00e7\u00e3o do indiv\u00edduo e a constitui\u00e7\u00e3o da sociedade local.<br><br><strong>Palavras-Chave: <\/strong>Informa\u00e7\u00e3o. Mem\u00f3ria. Jornalismo.<\/p>\n\n\n\n<p class=\"has-text-align-center has-background\" style=\"background-color:#f1f2f3;font-size:15px\"><strong>OBJETIVO<\/strong><\/p>\n\n\n\n<p><strong>Geral<\/strong><br>Partindo dos pressupostos te\u00f3rico-metodol\u00f3gico estabelecidos, este projeto tem como objetivo caracterizar os jornais impressos e seus escritores nos s\u00e9culos XIX e XX na cidade de Areia, considerando seus aspectos infomemoriais e suas influ\u00eancias hist\u00f3rico-cultural, econ\u00f4mica e pol\u00edtica.<br><br><strong>Espec\u00edficos<\/strong><br>a) mapear os jornais na cidade de Areia, jornalistas e suas respectivas \u00e1reas de atua\u00e7\u00e3o;<br>b) identificar as pessoas letradas, suas profiss\u00f5es, o que faziam, as redes de sociabilidade e suas influ\u00eancias hist\u00f3rico-cultural, econ\u00f4mica e politica, e os espa\u00e7os p\u00fablicos que ocupavam na cidade de Areia;<br>c) Compreender a hist\u00f3ria da cidade, as constru\u00e7\u00f5es, crimes, causos, eventos etc, a partir das mat\u00e9rias veiculadas nas p\u00e1ginas dos jornais;<br>d) Criar banco de dados com os jornais impressos;<br>e) Promover a democratiza\u00e7\u00e3o e o acesso \u00e0 mem\u00f3ria do jornalismo areiense, por meio da an\u00e1lise dos jornais;<br>f) Produzir conte\u00fados para divulga\u00e7\u00e3o das informa\u00e7\u00f5es veiculadas nas se\u00e7\u00f5es dos jornais impressos;<\/p>\n\n\n\n<p class=\"has-text-align-center has-background\" style=\"background-color:#f1f2f3;font-size:15px\"><strong>PLANO DE TRABALHO<\/strong><\/p>\n\n\n\n<p>Mapeamento, perfil editorial e dissemina\u00e7\u00e3o de informa\u00e7\u00f5es jornal\u00edsticas na cidade de Areia\/PB<\/p>\n\n\n\n<p>Desenvolvido pela PIVIC <a href=\"http:\/\/lattes.cnpq.br\/3060730469348384\" target=\"_blank\" rel=\"noreferrer noopener\">Karina Ceci de Sousa Holmes<\/a><\/p>\n\n\n\n<p class=\"has-text-align-center has-background\" style=\"background-color:#f1f2f3;font-size:15px\"><strong>PRODU\u00c7\u00c3O ACAD\u00caMICA DO PROJETO<\/strong><\/p>\n\n\n\n<p>MELO FILHO, Edilson Targino; HOLMES, Karina Ceci de Sousa. A cidade de Areia e os mist\u00e9rios escondidos nas p\u00e1ginas jornal\u00edsticas: organiza\u00e7\u00e3o e descri\u00e7\u00e3o da informa\u00e7\u00e3o em jornais. In: CONGRESSO BRASILEIRO DE BIBLIOTECONOMIA E DOCUMENTA\u00c7\u00c3O, 30., 2024, Recife. Anais&#8230;, Recife: FEBAB, 2024. Dispon\u00edvel em: <a href=\"https:\/\/portal.febab.org.br\/cbbd2024\/article\/view\/3261\/3162\">https:\/\/portal.febab.org.br\/cbbd2024\/article\/view\/3261\/3162<\/a>. Acesso em 27 maio. 2025.<\/p>\n","protected":false},"excerpt":{"rendered":"<p>ANO 2023-2024 PIBIC-CNPQ-UFPB (01\/09\/2023 a 31\/08\/2024) Orientador: bibliotec\u00e1rio Edilson Targino de Melo Filho RESUMO: O projeto se localiza na \u00e1rea das Ci\u00eancias Sociais Aplicadas, no escopo da Ci\u00eancia da Informa\u00e7\u00e3o, na sub\u00e1rea da Biblioteconomia, isto porque a teia do conhecimento que perpassa as atividades do projeto est\u00e1 relacionada com a informa\u00e7\u00e3o, mem\u00f3ria e organiza\u00e7\u00e3o do [&hellip;]<\/p>\n","protected":false},"author":71,"featured_media":0,"parent":0,"menu_order":0,"comment_status":"closed","ping_status":"closed","template":"","meta":{"_acf_changed":false,"footnotes":""},"class_list":["post-638","page","type-page","status-publish","hentry"],"acf":[],"_links":{"self":[{"href":"https:\/\/www.cca.ufpb.br\/bscca\/wp-json\/wp\/v2\/pages\/638","targetHints":{"allow":["GET"]}}],"collection":[{"href":"https:\/\/www.cca.ufpb.br\/bscca\/wp-json\/wp\/v2\/pages"}],"about":[{"href":"https:\/\/www.cca.ufpb.br\/bscca\/wp-json\/wp\/v2\/types\/page"}],"author":[{"embeddable":true,"href":"https:\/\/www.cca.ufpb.br\/bscca\/wp-json\/wp\/v2\/users\/71"}],"replies":[{"embeddable":true,"href":"https:\/\/www.cca.ufpb.br\/bscca\/wp-json\/wp\/v2\/comments?post=638"}],"version-history":[{"count":5,"href":"https:\/\/www.cca.ufpb.br\/bscca\/wp-json\/wp\/v2\/pages\/638\/revisions"}],"predecessor-version":[{"id":657,"href":"https:\/\/www.cca.ufpb.br\/bscca\/wp-json\/wp\/v2\/pages\/638\/revisions\/657"}],"wp:attachment":[{"href":"https:\/\/www.cca.ufpb.br\/bscca\/wp-json\/wp\/v2\/media?parent=638"}],"curies":[{"name":"wp","href":"https:\/\/api.w.org\/{rel}","templated":true}]}}